{"id":1444,"date":"2019-12-06T10:24:12","date_gmt":"2019-12-06T09:24:12","guid":{"rendered":"https:\/\/bzpg.e-bielsko.net\/?page_id=1444"},"modified":"2026-03-31T13:31:40","modified_gmt":"2026-03-31T11:31:40","slug":"zgromadzenie-bzpg","status":"publish","type":"page","link":"https:\/\/www.bzpg.pl\/index.php\/o-bzpg\/zgromadzenie-bzpg\/","title":{"rendered":"Zgromadzenie BZPG"},"content":{"rendered":"<p><strong><img loading=\"lazy\" decoding=\"async\" class=\"alignnone wp-image-1435\" src=\"https:\/\/bzpg.e-bielsko.net\/wp-content\/uploads\/2019\/12\/kb_logo-300x122.png\" alt=\"\" width=\"49\" height=\"20\" srcset=\"https:\/\/www.bzpg.pl\/wp-content\/uploads\/2019\/12\/kb_logo-300x122.png 300w, https:\/\/www.bzpg.pl\/wp-content\/uploads\/2019\/12\/kb_logo-768x313.png 768w, https:\/\/www.bzpg.pl\/wp-content\/uploads\/2019\/12\/kb_logo.png 974w\" sizes=\"auto, (max-width: 49px) 100vw, 49px\" \/>\u00a0 BZPG &#8211; Zgromadzenie BZPG<\/strong><\/p>\n<p><strong><img loading=\"lazy\" decoding=\"async\" class=\"alignnone wp-image-1452\" src=\"https:\/\/bzpg.e-bielsko.net\/wp-content\/uploads\/2019\/12\/square1.png\" alt=\"\" width=\"11\" height=\"11\" \/>\u00a0<\/strong>Zgromadzenie Beskidzkiego Zwi\u0105zku Powiatowo-Gminnego jest organem stanowi\u0105cym i kontrolnym zwi\u0105zku. Zgodnie z zapisami Statutu, w sk\u0142ad Zgromadzenia wchodzi po dw\u00f3ch reprezentant\u00f3w powiatu i gmin b\u0119d\u0105cych uczestnikami zwi\u0105zku. Ka\u017cdy cz\u0142onek ma w Zgromadzeniu jeden g\u0142os. Zgromadzenie podejmuje uchwa\u0142y w sprawach zastrze\u017conych dla zgromadzenia w tym m.in. okre\u015bla kierunki dzia\u0142ania Zarz\u0105du i samego zwi\u0105zku. Upraszczaj\u0105c, Zgromadzenie jest odpowiednikiem Rady Powiatu lub Rady Gminy.<\/p>\n<p>Przewodnicz\u0105cy Zgromadzenia &#8211;\u00a0<strong>Wojciech Bydli\u0144ski<\/strong><br \/>\nWiceprzewodnicz\u0105cy Zgromadzenia &#8211; <strong>Anna Plichta-Kotas<\/strong><\/p>\n<p><strong>Cz\u0142onkowie Zgromadzenia\u00a0Beskidzkiego Zwi\u0105zku Powiatowo-Gminnego:<\/strong><\/p>\n<p><strong>Gmina Bestwina<br \/>\n<\/strong><\/p>\n<ul>\n<li>Grzegorz Bobo\u0144<\/li>\n<li>Mariusz Szlosarczyk<\/li>\n<\/ul>\n<p><strong>Gmina Buczkowice<\/strong><\/p>\n<ul>\n<li>Jerzy Kanik<\/li>\n<li>Agata Artemska<\/li>\n<\/ul>\n<p><strong>Gmina Jasienica<\/strong><\/p>\n<ul>\n<li>Janusz Pierzyna<\/li>\n<li>Tomasz Tato\u0144<\/li>\n<\/ul>\n<p><strong>Gmina Jaworze<\/strong><\/p>\n<ul>\n<li>Anna Skotnicka-N\u0119dzka<\/li>\n<li>Krzysztof \u015aliwa<\/li>\n<\/ul>\n<p><strong>Gmina K\u0119ty<\/strong><\/p>\n<ul>\n<li>Marcin \u015aliwa<\/li>\n<li>Piotr W\u0142asi\u0144ski<\/li>\n<\/ul>\n<p><strong>Gmina Kozy<\/strong><\/p>\n<ul>\n<li>Jacek Kali\u0144ski<\/li>\n<li>Katarzyna Matuszek<\/li>\n<\/ul>\n<p><strong>Gmina Por\u0105bka<\/strong><\/p>\n<ul>\n<li>Pawe\u0142 Zemanek<\/li>\n<li>Bogus\u0142aw Wawak<\/li>\n<\/ul>\n<p><strong>Gmina Szczyrk<\/strong><\/p>\n<ul>\n<li>Antoni Byrdy<\/li>\n<li>Wojciech Bydli\u0144ski<\/li>\n<\/ul>\n<p><strong>Gmina Wilamowice<\/strong><\/p>\n<ul>\n<li>Kazimierz Cebrat<\/li>\n<li>Grzegorz Norymberczyk<\/li>\n<\/ul>\n<p><strong>Gmina Wilkowice<\/strong><\/p>\n<ul>\n<li>Maciej Mr\u00f3wka<\/li>\n<li>Wojciech Cendrzak<\/li>\n<\/ul>\n<p><strong>Powiat Bielski<\/strong><\/p>\n<ul>\n<li>Andrzej P\u0142onka<\/li>\n<li>Anna Plichta-Kotas<\/li>\n<\/ul>\n","protected":false},"excerpt":{"rendered":"<p>\u00a0 BZPG &#8211; Zgromadzenie BZPG \u00a0Zgromadzenie Beskidzkiego Zwi\u0105zku Powiatowo-Gminnego jest organem stanowi\u0105cym i kontrolnym zwi\u0105zku. Zgodnie z zapisami Statutu, w sk\u0142ad Zgromadzenia wchodzi po dw\u00f3ch reprezentant\u00f3w powiatu i gmin b\u0119d\u0105cych uczestnikami zwi\u0105zku. Ka\u017cdy cz\u0142onek ma w Zgromadzeniu jeden g\u0142os. Zgromadzenie podejmuje uchwa\u0142y w sprawach zastrze\u017conych dla zgromadzenia w tym m.in. okre\u015bla kierunki dzia\u0142ania Zarz\u0105du i&hellip; <br \/> <a class=\"read-more\" href=\"https:\/\/www.bzpg.pl\/index.php\/o-bzpg\/zgromadzenie-bzpg\/\">Read more<\/a><\/p>\n","protected":false},"author":1,"featured_media":0,"parent":1434,"menu_order":1,"comment_status":"closed","ping_status":"closed","template":"","meta":{"footnotes":""},"class_list":["post-1444","page","type-page","status-publish","hentry"],"yoast_head":"<!-- This site is optimized with the Yoast SEO plugin v28.1 - https:\/\/yoast.com\/product\/yoast-seo-wordpress\/ -->\n<title>Zgromadzenie BZPG - Beskidzki Zwi\u0105zek Powiatowo Gminny<\/title>\n<meta name=\"robots\" content=\"index, follow, max-snippet:-1, max-image-preview:large, max-video-preview:-1\" \/>\n<link rel=\"canonical\" href=\"https:\/\/www.bzpg.pl\/index.php\/o-bzpg\/zgromadzenie-bzpg\/\" \/>\n<meta property=\"og:locale\" content=\"pl_PL\" \/>\n<meta property=\"og:type\" content=\"article\" \/>\n<meta property=\"og:title\" content=\"Zgromadzenie BZPG - Beskidzki Zwi\u0105zek Powiatowo Gminny\" \/>\n<meta property=\"og:description\" content=\"\u00a0 BZPG &#8211; Zgromadzenie BZPG \u00a0Zgromadzenie Beskidzkiego Zwi\u0105zku Powiatowo-Gminnego jest organem stanowi\u0105cym i kontrolnym zwi\u0105zku. Zgodnie z zapisami Statutu, w sk\u0142ad Zgromadzenia wchodzi po dw\u00f3ch reprezentant\u00f3w powiatu i gmin b\u0119d\u0105cych uczestnikami zwi\u0105zku. Ka\u017cdy cz\u0142onek ma w Zgromadzeniu jeden g\u0142os. Zgromadzenie podejmuje uchwa\u0142y w sprawach zastrze\u017conych dla zgromadzenia w tym m.in. okre\u015bla kierunki dzia\u0142ania Zarz\u0105du i&hellip; Read more\" \/>\n<meta property=\"og:url\" content=\"https:\/\/www.bzpg.pl\/index.php\/o-bzpg\/zgromadzenie-bzpg\/\" \/>\n<meta property=\"og:site_name\" content=\"Beskidzki Zwi\u0105zek Powiatowo Gminny\" \/>\n<meta property=\"article:modified_time\" content=\"2026-03-31T11:31:40+00:00\" \/>\n<meta property=\"og:image\" content=\"https:\/\/www.bzpg.pl\/wp-content\/uploads\/2019\/12\/kb_logo.png\" \/>\n\t<meta property=\"og:image:width\" content=\"974\" \/>\n\t<meta property=\"og:image:height\" content=\"397\" \/>\n\t<meta property=\"og:image:type\" content=\"image\/png\" \/>\n<meta name=\"twitter:card\" content=\"summary_large_image\" \/>\n<meta name=\"twitter:label1\" content=\"Szacowany czas czytania\" \/>\n\t<meta name=\"twitter:data1\" content=\"1 minuta\" \/>\n<script type=\"application\/ld+json\" class=\"yoast-schema-graph\">{\"@context\":\"https:\\\/\\\/schema.org\",\"@graph\":[{\"@type\":\"WebPage\",\"@id\":\"https:\\\/\\\/www.bzpg.pl\\\/index.php\\\/o-bzpg\\\/zgromadzenie-bzpg\\\/\",\"url\":\"https:\\\/\\\/www.bzpg.pl\\\/index.php\\\/o-bzpg\\\/zgromadzenie-bzpg\\\/\",\"name\":\"Zgromadzenie BZPG - Beskidzki Zwi\u0105zek Powiatowo Gminny\",\"isPartOf\":{\"@id\":\"https:\\\/\\\/www.bzpg.pl\\\/#website\"},\"primaryImageOfPage\":{\"@id\":\"https:\\\/\\\/www.bzpg.pl\\\/index.php\\\/o-bzpg\\\/zgromadzenie-bzpg\\\/#primaryimage\"},\"image\":{\"@id\":\"https:\\\/\\\/www.bzpg.pl\\\/index.php\\\/o-bzpg\\\/zgromadzenie-bzpg\\\/#primaryimage\"},\"thumbnailUrl\":\"https:\\\/\\\/bzpg.e-bielsko.net\\\/wp-content\\\/uploads\\\/2019\\\/12\\\/kb_logo-300x122.png\",\"datePublished\":\"2019-12-06T09:24:12+00:00\",\"dateModified\":\"2026-03-31T11:31:40+00:00\",\"breadcrumb\":{\"@id\":\"https:\\\/\\\/www.bzpg.pl\\\/index.php\\\/o-bzpg\\\/zgromadzenie-bzpg\\\/#breadcrumb\"},\"inLanguage\":\"pl-PL\",\"potentialAction\":[{\"@type\":\"ReadAction\",\"target\":[\"https:\\\/\\\/www.bzpg.pl\\\/index.php\\\/o-bzpg\\\/zgromadzenie-bzpg\\\/\"]}]},{\"@type\":\"ImageObject\",\"inLanguage\":\"pl-PL\",\"@id\":\"https:\\\/\\\/www.bzpg.pl\\\/index.php\\\/o-bzpg\\\/zgromadzenie-bzpg\\\/#primaryimage\",\"url\":\"https:\\\/\\\/bzpg.e-bielsko.net\\\/wp-content\\\/uploads\\\/2019\\\/12\\\/kb_logo-300x122.png\",\"contentUrl\":\"https:\\\/\\\/bzpg.e-bielsko.net\\\/wp-content\\\/uploads\\\/2019\\\/12\\\/kb_logo-300x122.png\"},{\"@type\":\"BreadcrumbList\",\"@id\":\"https:\\\/\\\/www.bzpg.pl\\\/index.php\\\/o-bzpg\\\/zgromadzenie-bzpg\\\/#breadcrumb\",\"itemListElement\":[{\"@type\":\"ListItem\",\"position\":1,\"name\":\"Home\",\"item\":\"https:\\\/\\\/www.bzpg.pl\\\/\"},{\"@type\":\"ListItem\",\"position\":2,\"name\":\"Organizator\",\"item\":\"https:\\\/\\\/www.bzpg.pl\\\/index.php\\\/o-bzpg\\\/\"},{\"@type\":\"ListItem\",\"position\":3,\"name\":\"Zgromadzenie BZPG\"}]},{\"@type\":\"WebSite\",\"@id\":\"https:\\\/\\\/www.bzpg.pl\\\/#website\",\"url\":\"https:\\\/\\\/www.bzpg.pl\\\/\",\"name\":\"Beskidzki Zwi\u0105zek Powiatowo Gminny\",\"description\":\"\",\"publisher\":{\"@id\":\"https:\\\/\\\/www.bzpg.pl\\\/#organization\"},\"potentialAction\":[{\"@type\":\"SearchAction\",\"target\":{\"@type\":\"EntryPoint\",\"urlTemplate\":\"https:\\\/\\\/www.bzpg.pl\\\/?s={search_term_string}\"},\"query-input\":{\"@type\":\"PropertyValueSpecification\",\"valueRequired\":true,\"valueName\":\"search_term_string\"}}],\"inLanguage\":\"pl-PL\"},{\"@type\":\"Organization\",\"@id\":\"https:\\\/\\\/www.bzpg.pl\\\/#organization\",\"name\":\"Beskidzki Zwi\u0105zek Powiatowo Gminny\",\"url\":\"https:\\\/\\\/www.bzpg.pl\\\/\",\"logo\":{\"@type\":\"ImageObject\",\"inLanguage\":\"pl-PL\",\"@id\":\"https:\\\/\\\/www.bzpg.pl\\\/#\\\/schema\\\/logo\\\/image\\\/\",\"url\":\"https:\\\/\\\/www.bzpg.pl\\\/wp-content\\\/uploads\\\/2021\\\/01\\\/cropped-bzpg_logo1.png\",\"contentUrl\":\"https:\\\/\\\/www.bzpg.pl\\\/wp-content\\\/uploads\\\/2021\\\/01\\\/cropped-bzpg_logo1.png\",\"width\":1733,\"height\":432,\"caption\":\"Beskidzki Zwi\u0105zek Powiatowo Gminny\"},\"image\":{\"@id\":\"https:\\\/\\\/www.bzpg.pl\\\/#\\\/schema\\\/logo\\\/image\\\/\"}}]}<\/script>\n<!-- \/ Yoast SEO plugin. -->","yoast_head_json":{"title":"Zgromadzenie BZPG - Beskidzki Zwi\u0105zek Powiatowo Gminny","robots":{"index":"index","follow":"follow","max-snippet":"max-snippet:-1","max-image-preview":"max-image-preview:large","max-video-preview":"max-video-preview:-1"},"canonical":"https:\/\/www.bzpg.pl\/index.php\/o-bzpg\/zgromadzenie-bzpg\/","og_locale":"pl_PL","og_type":"article","og_title":"Zgromadzenie BZPG - Beskidzki Zwi\u0105zek Powiatowo Gminny","og_description":"\u00a0 BZPG &#8211; Zgromadzenie BZPG \u00a0Zgromadzenie Beskidzkiego Zwi\u0105zku Powiatowo-Gminnego jest organem stanowi\u0105cym i kontrolnym zwi\u0105zku. Zgodnie z zapisami Statutu, w sk\u0142ad Zgromadzenia wchodzi po dw\u00f3ch reprezentant\u00f3w powiatu i gmin b\u0119d\u0105cych uczestnikami zwi\u0105zku. Ka\u017cdy cz\u0142onek ma w Zgromadzeniu jeden g\u0142os. Zgromadzenie podejmuje uchwa\u0142y w sprawach zastrze\u017conych dla zgromadzenia w tym m.in. okre\u015bla kierunki dzia\u0142ania Zarz\u0105du i&hellip; Read more","og_url":"https:\/\/www.bzpg.pl\/index.php\/o-bzpg\/zgromadzenie-bzpg\/","og_site_name":"Beskidzki Zwi\u0105zek Powiatowo Gminny","article_modified_time":"2026-03-31T11:31:40+00:00","og_image":[{"width":974,"height":397,"url":"https:\/\/www.bzpg.pl\/wp-content\/uploads\/2019\/12\/kb_logo.png","type":"image\/png"}],"twitter_card":"summary_large_image","twitter_misc":{"Szacowany czas czytania":"1 minuta"},"schema":{"@context":"https:\/\/schema.org","@graph":[{"@type":"WebPage","@id":"https:\/\/www.bzpg.pl\/index.php\/o-bzpg\/zgromadzenie-bzpg\/","url":"https:\/\/www.bzpg.pl\/index.php\/o-bzpg\/zgromadzenie-bzpg\/","name":"Zgromadzenie BZPG - Beskidzki Zwi\u0105zek Powiatowo Gminny","isPartOf":{"@id":"https:\/\/www.bzpg.pl\/#website"},"primaryImageOfPage":{"@id":"https:\/\/www.bzpg.pl\/index.php\/o-bzpg\/zgromadzenie-bzpg\/#primaryimage"},"image":{"@id":"https:\/\/www.bzpg.pl\/index.php\/o-bzpg\/zgromadzenie-bzpg\/#primaryimage"},"thumbnailUrl":"https:\/\/bzpg.e-bielsko.net\/wp-content\/uploads\/2019\/12\/kb_logo-300x122.png","datePublished":"2019-12-06T09:24:12+00:00","dateModified":"2026-03-31T11:31:40+00:00","breadcrumb":{"@id":"https:\/\/www.bzpg.pl\/index.php\/o-bzpg\/zgromadzenie-bzpg\/#breadcrumb"},"inLanguage":"pl-PL","potentialAction":[{"@type":"ReadAction","target":["https:\/\/www.bzpg.pl\/index.php\/o-bzpg\/zgromadzenie-bzpg\/"]}]},{"@type":"ImageObject","inLanguage":"pl-PL","@id":"https:\/\/www.bzpg.pl\/index.php\/o-bzpg\/zgromadzenie-bzpg\/#primaryimage","url":"https:\/\/bzpg.e-bielsko.net\/wp-content\/uploads\/2019\/12\/kb_logo-300x122.png","contentUrl":"https:\/\/bzpg.e-bielsko.net\/wp-content\/uploads\/2019\/12\/kb_logo-300x122.png"},{"@type":"BreadcrumbList","@id":"https:\/\/www.bzpg.pl\/index.php\/o-bzpg\/zgromadzenie-bzpg\/#breadcrumb","itemListElement":[{"@type":"ListItem","position":1,"name":"Home","item":"https:\/\/www.bzpg.pl\/"},{"@type":"ListItem","position":2,"name":"Organizator","item":"https:\/\/www.bzpg.pl\/index.php\/o-bzpg\/"},{"@type":"ListItem","position":3,"name":"Zgromadzenie BZPG"}]},{"@type":"WebSite","@id":"https:\/\/www.bzpg.pl\/#website","url":"https:\/\/www.bzpg.pl\/","name":"Beskidzki Zwi\u0105zek Powiatowo Gminny","description":"","publisher":{"@id":"https:\/\/www.bzpg.pl\/#organization"},"potentialAction":[{"@type":"SearchAction","target":{"@type":"EntryPoint","urlTemplate":"https:\/\/www.bzpg.pl\/?s={search_term_string}"},"query-input":{"@type":"PropertyValueSpecification","valueRequired":true,"valueName":"search_term_string"}}],"inLanguage":"pl-PL"},{"@type":"Organization","@id":"https:\/\/www.bzpg.pl\/#organization","name":"Beskidzki Zwi\u0105zek Powiatowo Gminny","url":"https:\/\/www.bzpg.pl\/","logo":{"@type":"ImageObject","inLanguage":"pl-PL","@id":"https:\/\/www.bzpg.pl\/#\/schema\/logo\/image\/","url":"https:\/\/www.bzpg.pl\/wp-content\/uploads\/2021\/01\/cropped-bzpg_logo1.png","contentUrl":"https:\/\/www.bzpg.pl\/wp-content\/uploads\/2021\/01\/cropped-bzpg_logo1.png","width":1733,"height":432,"caption":"Beskidzki Zwi\u0105zek Powiatowo Gminny"},"image":{"@id":"https:\/\/www.bzpg.pl\/#\/schema\/logo\/image\/"}}]}},"_links":{"self":[{"href":"https:\/\/www.bzpg.pl\/index.php\/wp-json\/wp\/v2\/pages\/1444","targetHints":{"allow":["GET"]}}],"collection":[{"href":"https:\/\/www.bzpg.pl\/index.php\/wp-json\/wp\/v2\/pages"}],"about":[{"href":"https:\/\/www.bzpg.pl\/index.php\/wp-json\/wp\/v2\/types\/page"}],"author":[{"embeddable":true,"href":"https:\/\/www.bzpg.pl\/index.php\/wp-json\/wp\/v2\/users\/1"}],"replies":[{"embeddable":true,"href":"https:\/\/www.bzpg.pl\/index.php\/wp-json\/wp\/v2\/comments?post=1444"}],"version-history":[{"count":15,"href":"https:\/\/www.bzpg.pl\/index.php\/wp-json\/wp\/v2\/pages\/1444\/revisions"}],"predecessor-version":[{"id":17735,"href":"https:\/\/www.bzpg.pl\/index.php\/wp-json\/wp\/v2\/pages\/1444\/revisions\/17735"}],"up":[{"embeddable":true,"href":"https:\/\/www.bzpg.pl\/index.php\/wp-json\/wp\/v2\/pages\/1434"}],"wp:attachment":[{"href":"https:\/\/www.bzpg.pl\/index.php\/wp-json\/wp\/v2\/media?parent=1444"}],"curies":[{"name":"wp","href":"https:\/\/api.w.org\/{rel}","templated":true}]}}