{"id":1848,"date":"2020-06-24T13:05:00","date_gmt":"2020-06-24T11:05:00","guid":{"rendered":"https:\/\/www.komunikacjabeskidzka.pl\/?page_id=1848"},"modified":"2023-06-29T12:31:30","modified_gmt":"2023-06-29T10:31:30","slug":"komunikacja-beskidzka-pks-w-bielsku-bialej-s-a","status":"publish","type":"page","link":"https:\/\/www.bzpg.pl\/index.php\/o-bzpg\/komunikacja-beskidzka-pks-w-bielsku-bialej-s-a\/","title":{"rendered":"Historia"},"content":{"rendered":"<h2>Pocz\u0105tki komunikacji w latach 40-tych<\/h2>\n<p>Miasto Bielsko-Bia\u0142a w wojew\u00f3dztwie katowickim zosta\u0142o wyzwolone z spod okupacji hitlerowskiej w lutym 1945 przez jednostki Armii Czerwonej Z.S.R.R. W pierwszym okresie wyzwolenia miasta i powiaty Bia\u0142a Krakowska, nale\u017c\u0105ca \u00f3wcze\u015bnie do wojew\u00f3dztwa krakowskiego oraz Bielsko, nale\u017c\u0105ce do wojew\u00f3dztwa katowickiego dzi\u0119ki bezinteresownej pracy nielicznych w tym okresie Polak\u00f3w powo\u0142a\u0142y do \u017cycia w\u0142adze miejskie, Milicj\u0119 Obywatelsk\u0105, Komitety Powiatowe P.P.R oraz administracj\u0119 przemys\u0142ow\u0105 licznych zak\u0142ad\u00f3w pracy na terenie miasta i okolicy.\u00a0 W warunkach powojennych w kwietniu 1945 roku powo\u0142ano w Warszawie Pa\u0144stwowy Urz\u0105d Samochodowy (P.U.S.), z kt\u00f3rego wy\u0142onione zosta\u0142 Wojew\u00f3dzkie Urz\u0119dy Samochodowe, gdzie nast\u0119pnie P.U.S. zawiadomi\u0142 Wojew\u00f3dzkie Urz\u0119dy Samochodowe o wydzieleniu organizacji samochodowej pod nazw\u0105 Pa\u0144stwowa Komunikacja Samochodowa.<\/p>\n<p><img loading=\"lazy\" decoding=\"async\" class=\"alignright wp-image-1882 size-medium\" src=\"https:\/\/www.bzpg.pl\/wp-content\/uploads\/2020\/07\/dekret-300x138.jpg\" alt=\"Dekret z dnia 16 stycznia 1946 r.\" width=\"300\" height=\"138\" srcset=\"https:\/\/www.bzpg.pl\/wp-content\/uploads\/2020\/07\/dekret-300x138.jpg 300w, https:\/\/www.bzpg.pl\/wp-content\/uploads\/2020\/07\/dekret-44x20.jpg 44w, https:\/\/www.bzpg.pl\/wp-content\/uploads\/2020\/07\/dekret-20x9.jpg 20w, https:\/\/www.bzpg.pl\/wp-content\/uploads\/2020\/07\/dekret.jpg 646w\" sizes=\"auto, (max-width: 300px) 100vw, 300px\" \/><\/p>\n<p>Podstaw\u0105 do prawnego usamodzielnienia si\u0119 przedsi\u0119biorstwa by\u0142 dekret z dnia 16 stycznia 1946 roku podpisany przez \u00f3wczesnego Prezydenta Krajowej Rady Narodowej Boles\u0142awa Bieruta.<\/p>\n<p><img loading=\"lazy\" decoding=\"async\" class=\"alignleft wp-image-1879 size-medium\" src=\"https:\/\/www.bzpg.pl\/wp-content\/uploads\/2020\/07\/bedford1-1946-08-300x209.jpg\" alt=\"\" width=\"300\" height=\"209\" srcset=\"https:\/\/www.bzpg.pl\/wp-content\/uploads\/2020\/07\/bedford1-1946-08-300x209.jpg 300w, https:\/\/www.bzpg.pl\/wp-content\/uploads\/2020\/07\/bedford1-1946-08-29x20.jpg 29w, https:\/\/www.bzpg.pl\/wp-content\/uploads\/2020\/07\/bedford1-1946-08-20x14.jpg 20w, https:\/\/www.bzpg.pl\/wp-content\/uploads\/2020\/07\/bedford1-1946-08.jpg 600w\" sizes=\"auto, (max-width: 300px) 100vw, 300px\" \/><\/p>\n<p>Zal\u0105\u017ckiem Pa\u0144stwowej Komunikacji Samochodowej by\u0142 \u00f3wczesnych tabor uzyskany z demobilu (samochody G.M.C.) pierwsze dostawy z Z.S.R.R. (samochody ZiS i GAZ) dostawy UNRRA (Studenbackery) oraz nieliczne pozosta\u0142o\u015bci taboru poniemieckiego. W tym pierwszym okresie trudno by\u0142o odr\u00f3\u017cni\u0107 pojazdy ci\u0119\u017carowe od tych do przewozu os\u00f3b, poniewa\u017c wi\u0119kszo\u015b\u0107 by\u0142a w niewielkim stopniu dostosowana do transportu pasa\u017cerskiego.<\/p>\n<p>W pierwszych miesi\u0105cach po wyzwoleniu kraju powo\u0142ana zosta\u0142a P.U.S. (o czym wy\u017cej), a w ramach jej Pa\u0144stwowa Komunikacja Samochodowa. P.K.S. trudni\u0142a si\u0119 pocz\u0105tkowo prawie wy\u0142\u0105cznie przewozem os\u00f3b, stanowi\u0105c namiastk\u0119 regularnej komunikacji drogowej w warunkach zniszcze\u0144 powojennych.<\/p>\n<div id=\"attachment_1924\" style=\"width: 646px\" class=\"wp-caption alignright\"><img loading=\"lazy\" decoding=\"async\" aria-describedby=\"caption-attachment-1924\" class=\"wp-image-1924\" src=\"https:\/\/www.komunikacjabeskidzka.pl\/wp-content\/uploads\/2020\/07\/IMG_20200702_104555-1024x421.jpg\" alt=\"\" width=\"636\" height=\"261\" srcset=\"https:\/\/www.bzpg.pl\/wp-content\/uploads\/2020\/07\/IMG_20200702_104555-1024x421.jpg 1024w, https:\/\/www.bzpg.pl\/wp-content\/uploads\/2020\/07\/IMG_20200702_104555-300x123.jpg 300w, https:\/\/www.bzpg.pl\/wp-content\/uploads\/2020\/07\/IMG_20200702_104555-768x315.jpg 768w, https:\/\/www.bzpg.pl\/wp-content\/uploads\/2020\/07\/IMG_20200702_104555-1920x789.jpg 1920w, https:\/\/www.bzpg.pl\/wp-content\/uploads\/2020\/07\/IMG_20200702_104555-49x20.jpg 49w, https:\/\/www.bzpg.pl\/wp-content\/uploads\/2020\/07\/IMG_20200702_104555-46x20.jpg 46w, https:\/\/www.bzpg.pl\/wp-content\/uploads\/2020\/07\/IMG_20200702_104555-20x8.jpg 20w\" sizes=\"auto, (max-width: 636px) 100vw, 636px\" \/><p id=\"caption-attachment-1924\" class=\"wp-caption-text\">Fragment Kroniki PKS<\/p><\/div>\n<p>&nbsp;<\/p>\n<p>Pocz\u0105tkowo P.K.S. by\u0142 przedsi\u0119biorstwem, jak zosta\u0142o okre\u015blone w kronice &#8222;koczujacym&#8221; i liczy\u0142 ponad <strong>20 autobus\u00f3w<\/strong> oraz <strong>40 samochod\u00f3w ci\u0119\u017carowych<\/strong>. Bardzo charakterystyczne jest sprawozdanie Poselskiej Komisji Komunikacyjnej z <strong>15 pa\u017adziernika 1946 r.<\/strong> omawiaj\u0105ce pocz\u0105tkowy okres dzia\u0142alno\u015bci P.K.S.<\/p>\n<p>&nbsp;<\/p>\n<p>W <strong>1945 roku<\/strong> utworzona zosta\u0142a baza P.K.S. w Katowicach, kt\u00f3rej podporz\u0105dkowano filie, kolejno powstaj\u0105ce w szeregu miast \u015bl\u0105skich, kt\u00f3re podj\u0119\u0142y \u015bwiadczenia wszelkiego rodzaju przewoz\u00f3w. Filie takie powstawa\u0142y w pierwszym okresie w Katowicach, Gliwicach, Bielsku-Bia\u0142ej, Zawierciu, Bytomiu, Zabrzu, Opolu, Nysie, Prudniku, G\u0142ucho\u0142azach, Paczkowie, Ko\u017alu, Chorzowie i Sosnowcu.<\/p>\n<p>W latach powojennych, Oddzia\u0142 P.K.S. w Bielsku-Bia\u0142ej liczy\u0142 kilkadziesi\u0105t autobus\u00f3w stanowi\u0105cych w\u0142asno\u015b\u0107 miejscowej sp\u00f3\u0142ki akcyjnej. Nie istnia\u0142 samochodowy transport \u0142adunk\u00f3w, kt\u00f3ry <span style=\"background-color: transparent;\">na dalsze odleg\u0142o\u015bci <\/span><span style=\"background-color: transparent;\">odbywa\u0142 si\u0119 g\u0142\u00f3wnie kolej\u0105 , natomiast na bliskich trasach transport funkcjonowa\u0142\u00a0za pomoc\u0105 zaprz\u0119g\u00f3w konnych (platformy, furmanki).<\/span><\/p>\n<p>W Kronice P.K.S.-u, mo\u017cna znale\u017a\u0107 utrwalon\u0105 na pi\u015bmie wypowied\u017a <span style=\"background-color: transparent;\">d\u0142ugoletniego pracownika Oddzia\u0142u P.K.S. Bielsko-Bia\u0142a, elektryka Pana J\u00f3zefa Herd\u0119<\/span><span style=\"background-color: transparent;\"> z dnia <strong>28 listopada 1973 roku<\/strong> przekazan\u0105 kronikarzowi, w kt\u00f3rej dzieli si\u0119 wspomnieniami:<\/span><\/p>\n<p><img loading=\"lazy\" decoding=\"async\" class=\"wp-image-1872 size-medium\" src=\"https:\/\/www.bzpg.pl\/wp-content\/uploads\/2020\/07\/IMG_20200702_104633-300x204.jpg\" alt=\"\" width=\"300\" height=\"204\" srcset=\"https:\/\/www.bzpg.pl\/wp-content\/uploads\/2020\/07\/IMG_20200702_104633-300x204.jpg 300w, https:\/\/www.bzpg.pl\/wp-content\/uploads\/2020\/07\/IMG_20200702_104633-768x521.jpg 768w, https:\/\/www.bzpg.pl\/wp-content\/uploads\/2020\/07\/IMG_20200702_104633-1024x695.jpg 1024w, https:\/\/www.bzpg.pl\/wp-content\/uploads\/2020\/07\/IMG_20200702_104633-1591x1080.jpg 1591w, https:\/\/www.bzpg.pl\/wp-content\/uploads\/2020\/07\/IMG_20200702_104633-29x20.jpg 29w, https:\/\/www.bzpg.pl\/wp-content\/uploads\/2020\/07\/IMG_20200702_104633-20x14.jpg 20w\" sizes=\"auto, (max-width: 300px) 100vw, 300px\" \/><\/p>\n<p style=\"text-align: left;\">W pierwszych latach powojennych tabor P.K.S. dora\u017anie zestawiony z demobilu wojskowego by\u0142 liczebnie niewielki i niewystarczaj\u0105cy do potrzeb komunikacji podmiejskiej. Potrzeby transportowe tak w ruchu pasa\u017cerskim jak i towarowym ros\u0142y bardzo szybko, na co szczeg\u00f3lny wp\u0142yw mia\u0142o reaktywowanie zak\u0142ad\u00f3w przemys\u0142owych w Bielsku-Bia\u0142ej i okolicy.<\/p>\n<p>Na prze\u0142omie <strong>1945-1946<\/strong> powstaj\u0105 komunikacji autobusowej obs\u0142uguj\u0105ce g\u0142\u00f3wnie dow\u00f3z pracownik\u00f3w do Bielska-Bia\u0142ej z takich miejscowo\u015bci jak: Buczkowice, Szczyrk, Bystra, Lipowa, \u015alemie\u0144. Potrzeby transportowe wraz z rozwijaj\u0105cym si\u0119 pr\u0119\u017cnie miastem Bielsko-Bia\u0142a rosn\u0105 bardzo szybko i okazuj\u0105 si\u0119 ju\u017c niewystarczaj\u0105ce. Z tego powodu, dla zaspokojenia potrzeb przewozowych w <strong>1948 roku<\/strong> powo\u0142ano i utworzono plac\u00f3wk\u0119 firmy C.Hartwig S.A. oraz Sp\u00f3\u0142dzielni\u0119 Transportow\u0105 &#8222;Spedytor&#8221;. W tym samym roku firma C. Hartwig otrzymuje pierwsze jednostki taboru; Fiat 626, Fiat 666 z przyczepami o no\u015bno\u015bci 7, 10 i 11 ton oraz ci\u0105gniki austriackie &#8222;Steyer&#8221;, \u0142\u0105cznie <strong>22 pojazdy<\/strong>. W tym samym czasie miejscowa plac\u00f3wka PKS otrzymuje<strong> 6 autobus\u00f3w<\/strong> Fiat 666 oraz kilka samochod\u00f3w ci\u0119\u017carowych tej samej marki. Taki tabor pojazd\u00f3w wraz z eksploatowanymi ju\u017c pojazdami GMC pozwoli\u0142 zaspokoi\u0107 potrzeby transportowe obs\u0142ugiwanego obszaru.<\/p>\n<div id=\"attachment_1887\" style=\"width: 310px\" class=\"wp-caption alignright\"><img loading=\"lazy\" decoding=\"async\" aria-describedby=\"caption-attachment-1887\" class=\"wp-image-1887 size-medium\" src=\"https:\/\/www.komunikacjabeskidzka.pl\/wp-content\/uploads\/2020\/07\/Fiat_666_2-300x166.jpg\" alt=\"\" width=\"300\" height=\"166\" srcset=\"https:\/\/www.bzpg.pl\/wp-content\/uploads\/2020\/07\/Fiat_666_2-300x166.jpg 300w, https:\/\/www.bzpg.pl\/wp-content\/uploads\/2020\/07\/Fiat_666_2-768x425.jpg 768w, https:\/\/www.bzpg.pl\/wp-content\/uploads\/2020\/07\/Fiat_666_2-1024x566.jpg 1024w, https:\/\/www.bzpg.pl\/wp-content\/uploads\/2020\/07\/Fiat_666_2-36x20.jpg 36w, https:\/\/www.bzpg.pl\/wp-content\/uploads\/2020\/07\/Fiat_666_2-20x11.jpg 20w, https:\/\/www.bzpg.pl\/wp-content\/uploads\/2020\/07\/Fiat_666_2.jpg 1043w\" sizes=\"auto, (max-width: 300px) 100vw, 300px\" \/><p id=\"caption-attachment-1887\" class=\"wp-caption-text\">Fiat 666RN, \u017ar\u00f3d\u0142o Wikipedia<\/p><\/div>\n<h2>Lata 50-te i 60-te<\/h2>\n<p>W <strong>III kwartale 1952 roku<\/strong> oddano do u\u017cytku 3 pi\u0119trowy biurowiec i budynek socjalny w Bielsku-Bia\u0142ej przy ul. P.K.W.N nr 54 (obecnie ul. Legion\u00f3w 54), natomiast w <strong>II kwartale 1954 roku<\/strong> oddano do u\u017cytku stacj\u0119 obs\u0142ugi. Rozpocz\u0119ty proces inwestycyjny sprawi\u0142, \u017ce radykalnie poprawi\u0142y si\u0119 warunki pracy, warunki socjalne i bytowe pracownik\u00f3w. W budynku socjalnym uruchomiona zosta\u0142a sto\u0142\u00f3wka, \u015bwietlica, bufet, a nawet jak na \u00f3wczesne lata natryski z ciep\u0142\u0105 wod\u0105. Nowoczesna i obszerna w tamtym okresie stacja obs\u0142ugi przyczyni\u0142a si\u0119 do podniesienia sprawno\u015bci eksploatacyjnej taboru.<\/p>\n<div id=\"attachment_1900\" style=\"width: 310px\" class=\"wp-caption alignleft\"><img loading=\"lazy\" decoding=\"async\" aria-describedby=\"caption-attachment-1900\" class=\"size-medium wp-image-1900\" src=\"https:\/\/www.komunikacjabeskidzka.pl\/wp-content\/uploads\/2020\/07\/IMG_20200702_114306-300x300.jpg\" alt=\"\" width=\"300\" height=\"300\" srcset=\"https:\/\/www.bzpg.pl\/wp-content\/uploads\/2020\/07\/IMG_20200702_114306-300x300.jpg 300w, https:\/\/www.bzpg.pl\/wp-content\/uploads\/2020\/07\/IMG_20200702_114306-150x150.jpg 150w, https:\/\/www.bzpg.pl\/wp-content\/uploads\/2020\/07\/IMG_20200702_114306-768x768.jpg 768w, https:\/\/www.bzpg.pl\/wp-content\/uploads\/2020\/07\/IMG_20200702_114306-1024x1024.jpg 1024w, https:\/\/www.bzpg.pl\/wp-content\/uploads\/2020\/07\/IMG_20200702_114306-1080x1080.jpg 1080w, https:\/\/www.bzpg.pl\/wp-content\/uploads\/2020\/07\/IMG_20200702_114306-20x20.jpg 20w\" sizes=\"auto, (max-width: 300px) 100vw, 300px\" \/><p id=\"caption-attachment-1900\" class=\"wp-caption-text\">Budynek socjalny (ul. Legion\u00f3w)<\/p><\/div>\n<p>W kronice P.K.S.-u Bielsko-Bialskiego mo\u017cna wyczyta\u0107 &#8222;<strong><em>W gospodarce narodowej odczuwa si\u0119 wyra\u017any wzrost tempa inwestycji przemys\u0142owych oraz przechodzenia z okresu powojennej odbudowy do rozbudowy&#8221;<\/em><\/strong><\/p>\n<p>Zmieniaj\u0105 si\u0119 priorytety w zakresie krajowych inwestycji a gospodarka z rolniczo-przemys\u0142owej przeobra\u017ca si\u0119 w przemys\u0142owo-rolnicz\u0105. Transport samochodowy w zakresie transportu towar\u00f3w i pasa\u017cer\u00f3w zostaje zasilony pierwszymi dostawami samochod\u00f3w rodzimej produkcji &#8222;Star&#8221; i &#8222;San&#8221;.<\/p>\n<p>W <strong>1955 roku<\/strong> w wyniku rozwoju us\u0142ug przewozowo-transportowych w rejonie powiatu cieszy\u0144skiego, tamtejsza plac\u00f3wka terenowa zostaje przekszta\u0142cona w samodzielny Oddzia\u0142 P.K.S. podleg\u0142y Wojew\u00f3dzkiemu Przedsi\u0119biorstwu P.K.S. Katowice. Podobna sytuacja dokona\u0142a si\u0119 w terenie \u017bywiecczyzny, gdzie w wyniku rozwoju tamtejszych teren\u00f3w z dniem <strong>1 stycznia 1958 roku<\/strong> Oddzia\u0142 w Bielsku-Bia\u0142ej przekaza\u0142 ca\u0142\u0105 dzia\u0142alno\u015b\u0107 w zakresie us\u0142ug transportowych do Oddzia\u0142u P.K.S. w O\u015bwi\u0119cimiu, wed\u0142ug podzia\u0142u terytorialno-administracyjnego w ramach Zarz\u0105du Wojew\u00f3dzkiego Przedsi\u0119biorstwa P.K.S. Krak\u00f3w.<\/p>\n<p><img loading=\"lazy\" decoding=\"async\" class=\"alignnone wp-image-1932 size-full\" src=\"https:\/\/www.bzpg.pl\/wp-content\/uploads\/2020\/07\/zdjecia-razem-1.jpg\" alt=\"\" width=\"882\" height=\"201\" srcset=\"https:\/\/www.bzpg.pl\/wp-content\/uploads\/2020\/07\/zdjecia-razem-1.jpg 882w, https:\/\/www.bzpg.pl\/wp-content\/uploads\/2020\/07\/zdjecia-razem-1-300x68.jpg 300w, https:\/\/www.bzpg.pl\/wp-content\/uploads\/2020\/07\/zdjecia-razem-1-768x175.jpg 768w, https:\/\/www.bzpg.pl\/wp-content\/uploads\/2020\/07\/zdjecia-razem-1-88x20.jpg 88w, https:\/\/www.bzpg.pl\/wp-content\/uploads\/2020\/07\/zdjecia-razem-1-46x10.jpg 46w, https:\/\/www.bzpg.pl\/wp-content\/uploads\/2020\/07\/zdjecia-razem-1-20x5.jpg 20w\" sizes=\"auto, (max-width: 882px) 100vw, 882px\" \/><\/p>\n<p>W <strong>1958 roku<\/strong> Bielski Oddzia\u0142 P.K.S. dysponowa\u0142 podstawowym taborem sk\u0142adaj\u0105cym si\u0119 z <strong>62<\/strong> wys\u0142u\u017conych ju\u017c autobus\u00f3w marki &#8222;Fiat&#8221; oraz <strong>121<\/strong> samochod\u00f3w przewa\u017cnie &#8222;STAR-20&#8221;. \u015arednie zatrudnienie w sp\u00f3\u0142ce wynosi\u0142o <strong>665 pracownik\u00f3w<\/strong>.<\/p>\n<p>Lata <strong>1958-1962<\/strong> charakteryzuj\u0105 si\u0119 pewn\u0105 stagnacj\u0105 w dzia\u0142alno\u015bci Oddzia\u0142u P.K.S., co wynika\u0142o g\u0142\u00f3wnie z niewielkich dostaw taboru oraz znacznym demonta\u017cem wyeksploatowanych pojazd\u00f3w. W <strong>1962 roku<\/strong> Oddzia\u0142 dysponowa\u0142 <strong>55 autobusami i 127 samochodami ci\u0119\u017carowymi.<\/strong><\/p>\n<div id=\"attachment_1903\" style=\"width: 310px\" class=\"wp-caption alignleft\"><img loading=\"lazy\" decoding=\"async\" aria-describedby=\"caption-attachment-1903\" class=\"size-medium wp-image-1903\" src=\"https:\/\/www.komunikacjabeskidzka.pl\/wp-content\/uploads\/2020\/07\/IMG_20200702_114324-300x225.jpg\" alt=\"\" width=\"300\" height=\"225\" srcset=\"https:\/\/www.bzpg.pl\/wp-content\/uploads\/2020\/07\/IMG_20200702_114324-300x225.jpg 300w, https:\/\/www.bzpg.pl\/wp-content\/uploads\/2020\/07\/IMG_20200702_114324-768x576.jpg 768w, https:\/\/www.bzpg.pl\/wp-content\/uploads\/2020\/07\/IMG_20200702_114324-1024x768.jpg 1024w, https:\/\/www.bzpg.pl\/wp-content\/uploads\/2020\/07\/IMG_20200702_114324-1440x1080.jpg 1440w, https:\/\/www.bzpg.pl\/wp-content\/uploads\/2020\/07\/IMG_20200702_114324-27x20.jpg 27w, https:\/\/www.bzpg.pl\/wp-content\/uploads\/2020\/07\/IMG_20200702_114324-20x15.jpg 20w\" sizes=\"auto, (max-width: 300px) 100vw, 300px\" \/><p id=\"caption-attachment-1903\" class=\"wp-caption-text\">Warsztat<\/p><\/div>\n<p>Pocz\u0105wszy od <strong>1963 roku<\/strong>, w trakcie kt\u00f3rego tzw. &#8222;zima stulecia&#8221; sparali\u017cowa\u0142a <span style=\"background-color: transparent;\">krajowy<\/span><span style=\"background-color: transparent;\"> transport samochodowy i kolejowy, nast\u0105pi\u0142 dynamiczny wzrost dostaw taboru do tutejszego Oddzia\u0142u P.K.S.-u, tak \u017ce <strong>w roku 1970<\/strong> stan ilo\u015bciowy taboru dost\u0119pnego przez P.K.S. zwi\u0119kszy\u0142 si\u0119 4- krotnie w zakresie autobus\u00f3w oraz 2 -krotnie w zakresie pojazd\u00f3w ci\u0119\u017carowych. R\u00f3wnolegle ze wzrostem taboru ros\u0142y \u015bwiadczenia przewozowe g\u0142\u00f3wnie dla m\u0142odzie\u017cy szkolnej i zak\u0142ad\u00f3w pracy. Sie\u0107 komunikacji autobusowej pokrywa\u0142a ju\u017c wi\u0119kszo\u015b\u0107 dr\u00f3g lokalnych oraz wszystkie drogi pa\u0144stwowe powiatu bielskiego. Zgodnie z postulatami mieszka\u0144c\u00f3w wzrasta\u0142a r\u00f3wnie\u017c ilo\u015b\u0107 po\u0142\u0105cze\u0144 w relacji z Krakowem, Zakopanem, Katowicami, Cz\u0119stochow\u0105, Gliwicami, Raciborzem, Wadowicami oraz innymi miastami wojew\u00f3dztwa katowickiego i wojew\u00f3dztwa krakowskiego. W <strong>1963 roku<\/strong> tutejszy Oddzia\u0142 P.K.S. przewozi\u0142 codziennie ponad <strong>25 tysi\u0119cy pracownik\u00f3w i uczni\u00f3w<\/strong>.<\/span><\/p>\n<h2><\/h2>\n<h2>Lata 70-te i 80-te<\/h2>\n<p>W latach 70-tych i 80-tych nast\u0105pi\u0142 dynamiczny rozw\u00f3j komunikacji publicznej oraz rozw\u00f3j wielu miast w tym Bielska-Bia\u0142ej i lokalnych miejscowo\u015bci, nast\u0105pi\u0142 r\u00f3wnie\u017c pierwszy podzia\u0142 na przedsi\u0119biorstwa autobusowe obs\u0142uguj\u0105cych transport g\u0142\u00f3wnie podmiejski i dalekobie\u017cny.<\/p>\n<p>W celu poprawy \u015bwiadczonych us\u0142ug przez P.K.S. w Bielsku-Bia\u0142ej, po d\u0142ugich staraniach w <strong>1972 roku<\/strong> zostaje oddany do u\u017cytkowania nowoczesny dworzec autobusowy w Bielsku-Bia\u0142ej przy ul. Armii Czerwonej (obecnie ul. Warszawskiej 7).<\/p>\n<div id=\"attachment_1896\" style=\"width: 310px\" class=\"wp-caption alignright\"><img loading=\"lazy\" decoding=\"async\" aria-describedby=\"caption-attachment-1896\" class=\"size-medium wp-image-1896\" src=\"https:\/\/www.komunikacjabeskidzka.pl\/wp-content\/uploads\/2020\/07\/IMG_20200702_114157-300x166.jpg\" alt=\"\" width=\"300\" height=\"166\" srcset=\"https:\/\/www.bzpg.pl\/wp-content\/uploads\/2020\/07\/IMG_20200702_114157-300x166.jpg 300w, https:\/\/www.bzpg.pl\/wp-content\/uploads\/2020\/07\/IMG_20200702_114157-768x424.jpg 768w, https:\/\/www.bzpg.pl\/wp-content\/uploads\/2020\/07\/IMG_20200702_114157-1024x565.jpg 1024w, https:\/\/www.bzpg.pl\/wp-content\/uploads\/2020\/07\/IMG_20200702_114157-1920x1059.jpg 1920w, https:\/\/www.bzpg.pl\/wp-content\/uploads\/2020\/07\/IMG_20200702_114157-36x20.jpg 36w, https:\/\/www.bzpg.pl\/wp-content\/uploads\/2020\/07\/IMG_20200702_114157-20x11.jpg 20w\" sizes=\"auto, (max-width: 300px) 100vw, 300px\" \/><p id=\"caption-attachment-1896\" class=\"wp-caption-text\">Makieta dworca autobusowego<\/p><\/div>\n<p>Wyra\u017any wzrost tempa inwestycji przemys\u0142owych w Bielskim Okr\u0119gu Przemys\u0142owym, a szczeg\u00f3lnie w wyniku decyzji w\u0142adz partyjnych i pa\u0144stwowych o budowie Fabryki Samochod\u00f3w Ma\u0142olitra\u017cowych pocz\u0105wszy od <strong>1972 roku<\/strong> powoduje wzrost potrzeb przewozowych oferowanych przez P.K.S. W tym czasie tutejszy oddzia\u0142 dysponowa\u0142 potencja\u0142em 700 pojazd\u00f3w.<\/p>\n<p><img loading=\"lazy\" decoding=\"async\" class=\"alignnone wp-image-1890 size-medium\" src=\"https:\/\/www.bzpg.pl\/wp-content\/uploads\/2020\/07\/Dworzec-PKS1_BZPG-300x203.jpg\" alt=\"\" width=\"300\" height=\"203\" srcset=\"https:\/\/www.bzpg.pl\/wp-content\/uploads\/2020\/07\/Dworzec-PKS1_BZPG-300x203.jpg 300w, https:\/\/www.bzpg.pl\/wp-content\/uploads\/2020\/07\/Dworzec-PKS1_BZPG-768x520.jpg 768w, https:\/\/www.bzpg.pl\/wp-content\/uploads\/2020\/07\/Dworzec-PKS1_BZPG-1024x694.jpg 1024w, https:\/\/www.bzpg.pl\/wp-content\/uploads\/2020\/07\/Dworzec-PKS1_BZPG-1594x1080.jpg 1594w, https:\/\/www.bzpg.pl\/wp-content\/uploads\/2020\/07\/Dworzec-PKS1_BZPG-30x20.jpg 30w, https:\/\/www.bzpg.pl\/wp-content\/uploads\/2020\/07\/Dworzec-PKS1_BZPG-20x14.jpg 20w\" sizes=\"auto, (max-width: 300px) 100vw, 300px\" \/><\/p>\n<p>Tak znaczne spi\u0119trzenie potencja\u0142u przewozowego wymaga\u0142o specjalizacji oraz konieczno\u015bci wdra\u017cania post\u0119pu techniczno-organizacyjnego w zarz\u0105dzaniu. Jednym z przygotowanych zamierze\u0144 w tym zakresie by\u0142a przygotowana ale nie rozpocz\u0119ta w <strong>rok 1973<\/strong> budowa nowej zajezdni dla przewoz\u00f3w towarowych zwi\u0105zanych w znacznym stopniu z dostawami do produkcji podzespo\u0142\u00f3w Fabryki Samochod\u00f3w Ma\u0142olitra\u017cowych w ramach umowy licencyjnej w w\u0142osk\u0105 firm\u0105 &#8222;Fiat&#8221; w Turynie. W latach 70-tych Bielski P.K.S. \u015bwiadczy\u0142 us\u0142ugi transportowe w zakresie przewoz\u00f3w towarowych dla licznych zak\u0142ad\u00f3w pracy w Bielsku-Bia\u0142ej i okolicy do port\u00f3w polskich, jak r\u00f3wnie\u017c lokalne przewozy dystrybucyjne (mleko, \u017cywiec, gazy techniczne, wyroby hutnicze). Ponadto w celu wyeliminowania trudno\u015bci zaopatrzenia w opa\u0142 tut. oddzia\u0142 P.K.S. przej\u0105\u0142 kompleksow\u0105 dostaw\u0119 w\u0119gla kamiennego z kopalni &#8222;Silesia&#8221; w Czechowicach-Dziedzicach dla biur opa\u0142owych, zak\u0142ad\u00f3w pracy i instytucji oraz urz\u0119d\u00f3w na terenie miasta. Podkre\u015blenia wymaga fakt, \u017ce na podstawie uchwa\u0142y nr 116 Rady Ministr\u00f3w w latach <strong>1968-1970<\/strong> dzia\u0142a\u0142o na terenie miasta Bielsko-Bia\u0142a Biuro Obs\u0142ugi Spedycyjno-Przewozowej zajmuj\u0105ce si\u0119 koordynacj\u0105 wszystkich miejscowych przewo\u017anik\u00f3w.<\/p>\n<h2>Lata 90-te<\/h2>\n<p>W wyniku transformacji ustrojowej przedsi\u0119biorstwa PKS zosta\u0142y podzielone w wyniku czego powsta\u0142o 176 przedsi\u0119biorstw. Cze\u015b\u0107 podmiot\u00f3w zosta\u0142a zlikwidowana, przebran\u017cowi\u0142a si\u0119, uleg\u0142a konsolidacji b\u0105d\u017a prywatyzacji.<\/p>\n<p><strong>Po 1992 r.<\/strong> cz\u0119\u015b\u0107 spo\u015br\u00f3d przedsi\u0119biorstw PKS nale\u017c\u0105cych do Skarbu Pa\u0144stwa u\u017cywa\u0142o nazwy <i>Przedsi\u0119biorstwo Pa\u0144stwowej Komunikacji Samochodowej<\/i>\u00a0(PPKS).<\/p>\n<p><strong>1 pa\u017adziernika 1996<\/strong> przekazane zosta\u0142y kompetencje organu za\u0142o\u017cycielskiego z Ministerstwa Transportu i Gospodarki Morskiej do wojewod\u00f3w.<sup id=\"cite_ref-narpks_6-1\" class=\"reference\"><\/sup><\/p>\n<h2>Pierwsza dekada XXI wieku<\/h2>\n<div id=\"attachment_1916\" style=\"width: 310px\" class=\"wp-caption alignright\"><img loading=\"lazy\" decoding=\"async\" aria-describedby=\"caption-attachment-1916\" class=\"size-medium wp-image-1916\" src=\"https:\/\/www.komunikacjabeskidzka.pl\/wp-content\/uploads\/2020\/07\/autobusy-pb-300x162.png\" alt=\"\" width=\"300\" height=\"162\" srcset=\"https:\/\/www.bzpg.pl\/wp-content\/uploads\/2020\/07\/autobusy-pb-300x162.png 300w, https:\/\/www.bzpg.pl\/wp-content\/uploads\/2020\/07\/autobusy-pb-768x414.png 768w, https:\/\/www.bzpg.pl\/wp-content\/uploads\/2020\/07\/autobusy-pb-37x20.png 37w, https:\/\/www.bzpg.pl\/wp-content\/uploads\/2020\/07\/autobusy-pb-20x11.png 20w, https:\/\/www.bzpg.pl\/wp-content\/uploads\/2020\/07\/autobusy-pb.png 954w\" sizes=\"auto, (max-width: 300px) 100vw, 300px\" \/><p id=\"caption-attachment-1916\" class=\"wp-caption-text\">Autobusy zakupione przez Powiat Bielski<\/p><\/div>\n<p>Lata 2000 przynios\u0142y zmiany struktury w\u0142asno\u015bciowej PKS.\u00a0 Starostwo Powiatowe w Bielsku-Bia\u0142ej &#8211; Powiat Bielski na podstawie umowy z dnia <span style=\"background-color: transparent;\"><strong>3 grudnia 2008 roku<\/strong> przej\u0105\u0142 od \u00f3wczesnego Ministerstwa Skarbu Pa\u0144stwa akcje sp\u00f3\u0142ki Przedsi\u0119biorstwo Komunikacji Samochodowej w Bielsku-Bia\u0142ej Sp\u00f3\u0142ka Akcyjna staj\u0105c si\u0119 jej w\u0142a\u015bcicielem. Nast\u0119pnie sp\u00f3\u0142ka zmieni\u0142a nazw\u0119 na PKS w Bielsku-Bia\u0142ej Sp\u00f3\u0142ka Akcyjna. Powiat Bielski chc\u0105c wywi\u0105zywa\u0107 si\u0119 z powierzonej odpowiedzialno\u015bci za sp\u00f3\u0142k\u0119, jak r\u00f3wnie\u017c zdania w\u0142asnego jakim jest transport publiczny przyst\u0105pi\u0142 w<strong> 2010 roku<\/strong> do inwestycji, czego efektem by\u0142o z\u0142o\u017cenie wniosku po fundusze unijne w ramach z Europejskiego Funduszu Rozwoju Regionalnego &#8211; Regionalny Program Operacyjny dla Wojew\u00f3dztwa \u015al\u0105skiego na lata 2007-2013. Powiat Bielski og\u0142osi\u0142 przetarg na dostaw\u0119 <strong>35 nowych autobus\u00f3w<\/strong>:<\/span><\/p>\n<p>&#8211; 5 sztuk 12-metrowych niskowej\u015bciowych o pojemno\u015bci min.110 miejsc,<\/p>\n<p>&#8211; 5 sztuk 10-metrowych niskowej\u015bciowych o pojemno\u015bci min. 80 miejsc,<\/p>\n<p>&#8211; 12 sztuk 8-metrowych niskowej\u015bciowych o pojemno\u015bci min. 60 miejsc,<\/p>\n<p>&#8211; 13 sztuk 7-metrowych podmiejskich o pojemno\u015bci min. 44 miejsca.<\/p>\n<p>Przetarg wygra\u0142a firma Autosan, dostarczaj\u0105c wskazane autobusy w <strong>2011 roku<\/strong>.<\/p>\n<p>Od <strong>1 lipca 2011<\/strong> roku Powiat Bielski sta\u0142 si\u0119 formalnym organizatorem publicznego transportu zbiorowego, przy wsp\u00f3\u0142pracy i wsp\u00f3\u0142finansowaniu gmin powiatu.<\/p>\n<p><img loading=\"lazy\" decoding=\"async\" class=\"alignleft wp-image-1284 size-medium\" src=\"https:\/\/www.bzpg.pl\/wp-content\/uploads\/2019\/10\/00918pate1806_BZPG_Logo_podstawowe_RGB-300x250.png\" alt=\"\" width=\"300\" height=\"250\" srcset=\"https:\/\/www.bzpg.pl\/wp-content\/uploads\/2019\/10\/00918pate1806_BZPG_Logo_podstawowe_RGB-300x250.png 300w, https:\/\/www.bzpg.pl\/wp-content\/uploads\/2019\/10\/00918pate1806_BZPG_Logo_podstawowe_RGB-768x640.png 768w, https:\/\/www.bzpg.pl\/wp-content\/uploads\/2019\/10\/00918pate1806_BZPG_Logo_podstawowe_RGB-1024x853.png 1024w, https:\/\/www.bzpg.pl\/wp-content\/uploads\/2019\/10\/00918pate1806_BZPG_Logo_podstawowe_RGB-1297x1080.png 1297w, https:\/\/www.bzpg.pl\/wp-content\/uploads\/2019\/10\/00918pate1806_BZPG_Logo_podstawowe_RGB.png 1772w\" sizes=\"auto, (max-width: 300px) 100vw, 300px\" \/><\/p>\n<p>Taki stan rzeczy trwa\u0142 do 2017 roku, kiedy w wyniku zmian ustaw samorz\u0105dowych z 2016 roku, umo\u017cliwiono tworzenie zwi\u0105zk\u00f3w powiatowo-gminnych.<\/p>\n<p>Dzi\u0119ki zaanga\u017cowaniu Powiatu Bielskiego oraz gmin Bestwina, Buczkowice, Jasienica, Jaworze, Kozy, Por\u0105bka, Szczyrk, Wilamowice i Wilkowice w dniu <strong>17 marca 2017<\/strong>\u00a0roku zosta\u0142 formalnie utworzony Beskidzki Zwi\u0105zek Powiatowo-Gminny, kt\u00f3ry przej\u0105\u0142 od wymienionych samorz\u0105d\u00f3w zdanie dotycz\u0105ce organizacji publicznego transportu zbiorowego.<\/p>\n<p>&nbsp;<\/p>\n<p>&nbsp;<\/p>\n<p>Utworzenie Beskidzkiego Zwi\u0105zku Powiatowo-Gminnego to czas, w kt\u00f3rym sp\u00f3\u0142ka ponownie zacz\u0119\u0142a si\u0119 dynamicznie rozwija\u0107. Od <strong>2017 roku<\/strong> wprowadzono szereg zmian organizacyjnych w samej sp\u00f3\u0142ce, jak r\u00f3wnie\u017c wiele udogodnie\u0144 dla pasa\u017cer\u00f3w.<\/p>\n<p>W czerwcu 2018 roku Powiat Bielski przekaza\u0142 na rzecz Beskidzkiego Zwi\u0105zku Powiatowo-Gminnego <strong>100 % akcji<\/strong> sp\u00f3\u0142ki PKS.<\/p>\n<p>W tym czasie Zarz\u0105d Zwi\u0105zku wprowadzi\u0142 m.in. bezp\u0142atne przejazdy dla os\u00f3b powy\u017cej 70 roku \u017cycia, od <strong>1 stycznia 2020 r<\/strong>. wprowadzone zosta\u0142y numeracje linii komunikacyjnych, uruchomiono Dynamiczn\u0105 Informacje Pasa\u017cersk\u0105, gdzie pasa\u017cer mo\u017ce w urz\u0105dzeniach mobilnych sprawdzi\u0107 realny czas przyjazdu autobusu na przystanek, uruchomiono mo\u017cliwo\u015b\u0107 przed\u0142u\u017cania bilet\u00f3w przez Internet.<\/p>\n<p>W 2020 roku sp\u00f3\u0142ka PKS w Bielsku-Bia\u0142ej zakupi\u0142a w ramach Regionalnego Programu Operacyjnego Wojew\u00f3dztwa \u015al\u0105skiego <strong>26 szt. autobus\u00f3w<\/strong>, warto\u015b\u0107 projektu to ponad <strong>32 mln z\u0142<\/strong> z czego <strong>22,6 mln z\u0142<\/strong> to dofinansowanie z Unii Europejskiej, W ramach przeprowadzonego przetargu wygra\u0142a firma Solaris Bus &amp; Coach z Bolechowa. Autobusy s\u0105 fabrycznie nowe, w najwy\u017cszym standardzie oraz ekologiczne poniewa\u017c zasilane s\u0105 spr\u0119\u017conym gazem ziemnym CNG.<\/p>\n<p><img loading=\"lazy\" decoding=\"async\" class=\"alignleft wp-image-1787 size-medium\" src=\"https:\/\/www.bzpg.pl\/wp-content\/uploads\/2020\/04\/94610675_2421890014769873_375619319809179648_n-300x225.jpg\" alt=\"\" width=\"300\" height=\"225\" srcset=\"https:\/\/www.bzpg.pl\/wp-content\/uploads\/2020\/04\/94610675_2421890014769873_375619319809179648_n-300x225.jpg 300w, https:\/\/www.bzpg.pl\/wp-content\/uploads\/2020\/04\/94610675_2421890014769873_375619319809179648_n-768x576.jpg 768w, https:\/\/www.bzpg.pl\/wp-content\/uploads\/2020\/04\/94610675_2421890014769873_375619319809179648_n-27x20.jpg 27w, https:\/\/www.bzpg.pl\/wp-content\/uploads\/2020\/04\/94610675_2421890014769873_375619319809179648_n-20x15.jpg 20w, https:\/\/www.bzpg.pl\/wp-content\/uploads\/2020\/04\/94610675_2421890014769873_375619319809179648_n.jpg 960w\" sizes=\"auto, (max-width: 300px) 100vw, 300px\" \/><\/p>\n<p>&nbsp;<\/p>\n<p>Ciekawostk\u0105 jest fakt, \u017ce nowe autobusy otrzyma\u0142y now\u0105 kolorystyk\u0119, w barwach Komunikacji Beskidzkiej.<\/p>\n<p>Opr\u00f3cz wspomnianych fabrycznie nowych 26 autobusach zasilanych CNG. Sp\u00f3\u0142ka zakupi\u0142a dodatkowo <strong>5 autobus\u00f3w<\/strong> z czego<strong> 4 autobusy<\/strong> <span style=\"background-color: transparent;\">12-metrowe marki Solaris<\/span><span style=\"background-color: transparent;\">\u00a0z rynku wt\u00f3rnego , dostosowane do przewozu os\u00f3b niepe\u0142nosprawnych z pe\u0142nym wyposa\u017ceniem odpowiadaj\u0105cym standardom w komunikacji podmiejskiej\/miejskiej, jak r\u00f3wnie\u017c <\/span><strong style=\"background-color: transparent;\">1 autobus<\/strong><span style=\"background-color: transparent;\"> Volkswagen Crafter o pojemno\u015bci 19 os\u00f3b w klasie VIP b\u0119d\u0105cy uzupe\u0142nieniem realizowanej przez sp\u00f3\u0142k\u0119 oferty.<\/span><\/p>\n<p>Od <strong>2011 roku<\/strong> do Sp\u00f3\u0142ki PKS w Bielsku-Bia\u0142ej trafi\u0142y pojazdy warte blisko <strong>55 mln z\u0142otych<\/strong>.<\/p>\n<p style=\"text-align: center;\"><strong>Kopiowanie, rozpowszechnianie, przedruk i publikacja w jakiejkolwiek formie (r\u00f3wnie\u017c<\/strong><br \/>\n<strong>elektronicznej) do cel\u00f3w komercyjnych i prywatnych, bez zgody autora serwisu, zabronione. (kk)<\/strong><\/p>\n<p><img loading=\"lazy\" decoding=\"async\" class=\"alignnone wp-image-1840 size-large\" src=\"https:\/\/www.bzpg.pl\/wp-content\/uploads\/2020\/06\/100061917_179317273374714_6467348585947070464_n-1024x768.jpg\" alt=\"\" width=\"1024\" height=\"768\" srcset=\"https:\/\/www.bzpg.pl\/wp-content\/uploads\/2020\/06\/100061917_179317273374714_6467348585947070464_n-1024x768.jpg 1024w, https:\/\/www.bzpg.pl\/wp-content\/uploads\/2020\/06\/100061917_179317273374714_6467348585947070464_n-300x225.jpg 300w, https:\/\/www.bzpg.pl\/wp-content\/uploads\/2020\/06\/100061917_179317273374714_6467348585947070464_n-768x576.jpg 768w, https:\/\/www.bzpg.pl\/wp-content\/uploads\/2020\/06\/100061917_179317273374714_6467348585947070464_n-1440x1080.jpg 1440w, https:\/\/www.bzpg.pl\/wp-content\/uploads\/2020\/06\/100061917_179317273374714_6467348585947070464_n-27x20.jpg 27w, https:\/\/www.bzpg.pl\/wp-content\/uploads\/2020\/06\/100061917_179317273374714_6467348585947070464_n-20x15.jpg 20w, https:\/\/www.bzpg.pl\/wp-content\/uploads\/2020\/06\/100061917_179317273374714_6467348585947070464_n.jpg 2048w\" sizes=\"auto, (max-width: 1024px) 100vw, 1024px\" \/><\/p>\n","protected":false},"excerpt":{"rendered":"<p>Pocz\u0105tki komunikacji w latach 40-tych Miasto Bielsko-Bia\u0142a w wojew\u00f3dztwie katowickim zosta\u0142o wyzwolone z spod okupacji hitlerowskiej w lutym 1945 przez jednostki Armii Czerwonej Z.S.R.R. W pierwszym okresie wyzwolenia miasta i powiaty Bia\u0142a Krakowska, nale\u017c\u0105ca \u00f3wcze\u015bnie do wojew\u00f3dztwa krakowskiego oraz Bielsko, nale\u017c\u0105ce do wojew\u00f3dztwa katowickiego dzi\u0119ki bezinteresownej pracy nielicznych w tym okresie Polak\u00f3w powo\u0142a\u0142y do \u017cycia&hellip; <br \/> <a class=\"read-more\" href=\"https:\/\/www.bzpg.pl\/index.php\/o-bzpg\/komunikacja-beskidzka-pks-w-bielsku-bialej-s-a\/\">Read more<\/a><\/p>\n","protected":false},"author":4,"featured_media":0,"parent":1434,"menu_order":4,"comment_status":"closed","ping_status":"closed","template":"","meta":{"footnotes":""},"class_list":["post-1848","page","type-page","status-publish","hentry"],"_links":{"self":[{"href":"https:\/\/www.bzpg.pl\/index.php\/wp-json\/wp\/v2\/pages\/1848","targetHints":{"allow":["GET"]}}],"collection":[{"href":"https:\/\/www.bzpg.pl\/index.php\/wp-json\/wp\/v2\/pages"}],"about":[{"href":"https:\/\/www.bzpg.pl\/index.php\/wp-json\/wp\/v2\/types\/page"}],"author":[{"embeddable":true,"href":"https:\/\/www.bzpg.pl\/index.php\/wp-json\/wp\/v2\/users\/4"}],"replies":[{"embeddable":true,"href":"https:\/\/www.bzpg.pl\/index.php\/wp-json\/wp\/v2\/comments?post=1848"}],"version-history":[{"count":68,"href":"https:\/\/www.bzpg.pl\/index.php\/wp-json\/wp\/v2\/pages\/1848\/revisions"}],"predecessor-version":[{"id":2499,"href":"https:\/\/www.bzpg.pl\/index.php\/wp-json\/wp\/v2\/pages\/1848\/revisions\/2499"}],"up":[{"embeddable":true,"href":"https:\/\/www.bzpg.pl\/index.php\/wp-json\/wp\/v2\/pages\/1434"}],"wp:attachment":[{"href":"https:\/\/www.bzpg.pl\/index.php\/wp-json\/wp\/v2\/media?parent=1848"}],"curies":[{"name":"wp","href":"https:\/\/api.w.org\/{rel}","templated":true}]}}